{"id":409,"date":"2023-02-01T09:34:44","date_gmt":"2023-02-01T08:34:44","guid":{"rendered":"http:\/\/localhost\/newhome\/?page_id=409"},"modified":"2024-01-31T17:32:38","modified_gmt":"2024-01-31T16:32:38","slug":"repertoire","status":"publish","type":"page","link":"https:\/\/immomeier.lu\/fr\/directory\/","title":{"rendered":"Tous les biens immobiliers"},"content":{"rendered":"<div class=\"wpb-content-wrapper\"><div class=\"vc_row wpb_row vc_row-fluid\"><div class=\"wpb_column vc_column_container vc_col-sm-12\"><div class=\"vc_column-inner vc_custom_1488043136625\"><div class=\"wpb_wrapper\">\t\t<listing-grid\r\n\t\t\tid=\"myhome-listing-grid\"\r\n\t\t\tclass=\"mh-search-left\"\r\n\t\t\tconfig-key='MyHomeListing1777627845'\r\n\t\t>\r\n\t\t\t\t\t<\/listing-grid>\r\n\t\t<\/div><\/div><\/div><\/div><div data-vc-full-width=\"true\" data-vc-full-width-temp=\"true\" data-vc-full-width-init=\"false\" class=\"vc_row wpb_row vc_row-fluid vc_custom_1488467454490 vc_row-has-fill\"><div class=\"wpb_column vc_column_container vc_col-sm-12\"><div class=\"vc_column-inner vc_custom_1488467272652\"><div class=\"wpb_wrapper\"><div class=\"\">\r\n\t\r\n        <div class=\"mh-heading-wrapper\">\r\n            <h2            class=\"mh-heading  mh-heading--bottom-separator\"\r\n            style=\"font-weight:700;\">\r\n\t\t\tDerni\u00e8res nouvelles        <\/h2>\r\n\r\n\t\t    <\/div>\r\n\r\n\t<\/div>\t<div class=\"owl-carousel owl-carousel--visible-3\">\r\n\t\t\t\t\t<article\r\n\t\t\t\tclass=\"mh-post-grid mh-post-grid--img-absolute mh-post-grid--white post-4803 post type-post status-publish format-standard has-post-thumbnail hentry category-immobilier category-real-estate tag-market tag-negocaition tag-realestate tag-sale\">\r\n\t\t\t\t<a href=\"https:\/\/immomeier.lu\/fr\/from-asking-price-to-agreement\/\"\r\n\t\t\t\t   title=\"Du prix demand\u00e9 \u00e0 l&#039;accord\"\r\n\t\t\t\t   class=\"mh-post-grid__thumbnail\">\r\n\t\t\t\t\t\t\t\t\t\t\t<div class=\"mh-thumbnail__inner\">\r\n\t\t\t\t\t\t\t\t\t<img\r\n\t\t\t\t\t\t\tdata-srcset=\"https:\/\/immomeier.lu\/wp-content\/uploads\/2025\/07\/1426a230-4c80-4573-ac5b-9f35be6866e4-120x75.png 120w, https:\/\/immomeier.lu\/wp-content\/uploads\/2025\/07\/1426a230-4c80-4573-ac5b-9f35be6866e4-18x12.png 18w, https:\/\/immomeier.lu\/wp-content\/uploads\/2025\/07\/1426a230-4c80-4573-ac5b-9f35be6866e4-848x530.png 848w, https:\/\/immomeier.lu\/wp-content\/uploads\/2025\/07\/1426a230-4c80-4573-ac5b-9f35be6866e4-600x375.png 600w, https:\/\/immomeier.lu\/wp-content\/uploads\/2025\/07\/1426a230-4c80-4573-ac5b-9f35be6866e4-400x250.png 400w, https:\/\/immomeier.lu\/wp-content\/uploads\/2025\/07\/1426a230-4c80-4573-ac5b-9f35be6866e4-224x140.png 224w\"\r\n\t\t\t\tclass=\"lazyload\"\r\n\t\t\t\tdata-sizes=\"auto\"\r\n\t\t\t\t\t\talt=\"Du prix demand\u00e9 \u00e0 l&#039;accord\"\r\n\t\t>\r\n\t\t\t\t\t\t\t\t<\/div>\r\n\t\t\t\t\t\t<span class=\"mh-caption\">\r\n\t\t\t\t\t\t\t\t<span class=\"mh-caption__inner\">15.07.2025<\/span>\r\n\t\t\t\t\t\t\t<\/span>\r\n\t\t\t\t\t\t\t\t\t<\/a>\r\n\t\t\t\t<div class=\"mh-post-grid__inner\">\r\n\t\t\t\t\t<h3 class=\"mh-post-grid__heading\">\r\n\t\t\t\t\t\t<a href=\"https:\/\/immomeier.lu\/fr\/from-asking-price-to-agreement\/\" title=\"Du prix demand\u00e9 \u00e0 l&#039;accord\">\r\n\t\t\t\t\t\t\tDu prix demand\u00e9 \u00e0 l'accord\t\t\t\t\t\t<\/a>\r\n\t\t\t\t\t<\/h3>\r\n\t\t\t\t\t<div class=\"mh-post-grid__excerpt\">\r\n\t\t\t\t\t\tMa\u00eetriser l'art de la n\u00e9gociation La vente d'un bien immobilier n'est pas une simple transaction, c'est une d\u00e9cision financi\u00e8re et \u00e9motionnelle majeure. Si un marketing attractif, des photographies professionnelles et la visibilit\u00e9 jouent tous un r\u00f4le important, un \u00e9l\u00e9ment d\u00e9termine souvent...\t\t\t\t\t<\/div>\r\n\t\t\t\t\t<div class=\"mh-post-grid__btn-wrapper\">\r\n\t\t\t\t\t\t<a href=\"https:\/\/immomeier.lu\/fr\/from-asking-price-to-agreement\/\" title=\"Du prix demand\u00e9 \u00e0 l&#039;accord\"\r\n\t\t\t\t\t\t   class=\"mdl-button mdl-js-button mdl-button--raised mdl-button--primary-ghost\">\r\n\t\t\t\t\t\t\tEn savoir plus\t\t\t\t\t\t<\/a>\r\n\t\t\t\t\t<\/div>\r\n\t\t\t\t<\/div>\r\n\t\t\t<\/article>\r\n\t\t\t\t\t<article\r\n\t\t\t\tclass=\"mh-post-grid mh-post-grid--img-absolute mh-post-grid--white post-4422 post type-post status-publish format-standard has-post-thumbnail hentry category-market-news tag-market tag-real-estate tag-transparency\">\r\n\t\t\t\t<a href=\"https:\/\/immomeier.lu\/fr\/why-transparency-and-a-realistic-price-estimate-are-crucial-when-selling-real-estate\/\"\r\n\t\t\t\t   title=\"Pourquoi la transparence et une estimation r\u00e9aliste du prix sont cruciales lors de la vente d&#039;un bien immobilier.\"\r\n\t\t\t\t   class=\"mh-post-grid__thumbnail\">\r\n\t\t\t\t\t\t\t\t\t\t\t<div class=\"mh-thumbnail__inner\">\r\n\t\t\t\t\t\t\t\t\t<img\r\n\t\t\t\t\t\t\tdata-srcset=\"https:\/\/immomeier.lu\/wp-content\/uploads\/2025\/03\/WhatsApp-Image-2025-03-30-at-22.23.38-1-120x75.jpeg 120w, https:\/\/immomeier.lu\/wp-content\/uploads\/2025\/03\/WhatsApp-Image-2025-03-30-at-22.23.38-1-848x530.jpeg 848w, https:\/\/immomeier.lu\/wp-content\/uploads\/2025\/03\/WhatsApp-Image-2025-03-30-at-22.23.38-1-600x375.jpeg 600w, https:\/\/immomeier.lu\/wp-content\/uploads\/2025\/03\/WhatsApp-Image-2025-03-30-at-22.23.38-1-400x250.jpeg 400w, https:\/\/immomeier.lu\/wp-content\/uploads\/2025\/03\/WhatsApp-Image-2025-03-30-at-22.23.38-1-224x140.jpeg 224w\"\r\n\t\t\t\tclass=\"lazyload\"\r\n\t\t\t\tdata-sizes=\"auto\"\r\n\t\t\t\t\t\talt=\"Pourquoi la transparence et une estimation r\u00e9aliste du prix sont cruciales lors de la vente d&#039;un bien immobilier.\"\r\n\t\t>\r\n\t\t\t\t\t\t\t\t<\/div>\r\n\t\t\t\t\t\t<span class=\"mh-caption\">\r\n\t\t\t\t\t\t\t\t<span class=\"mh-caption__inner\">31.03.2025<\/span>\r\n\t\t\t\t\t\t\t<\/span>\r\n\t\t\t\t\t\t\t\t\t<\/a>\r\n\t\t\t\t<div class=\"mh-post-grid__inner\">\r\n\t\t\t\t\t<h3 class=\"mh-post-grid__heading\">\r\n\t\t\t\t\t\t<a href=\"https:\/\/immomeier.lu\/fr\/why-transparency-and-a-realistic-price-estimate-are-crucial-when-selling-real-estate\/\" title=\"Pourquoi la transparence et une estimation r\u00e9aliste du prix sont cruciales lors de la vente d&#039;un bien immobilier.\">\r\n\t\t\t\t\t\t\tPourquoi la transparence et une estimation r\u00e9aliste du prix sont cruciales lors de la vente d'un bien immobilier.\t\t\t\t\t\t<\/a>\r\n\t\t\t\t\t<\/h3>\r\n\t\t\t\t\t<div class=\"mh-post-grid__excerpt\">\r\n\t\t\t\t\t\t\u269c\ufe0f Pourquoi la transparence et une estimation r\u00e9aliste du prix sont essentielles lors de la vente d'un bien immobilier. La vente d'un bien immobilier est une d\u00e9cision importante, tant sur le plan \u00e9motionnel que financier. En tant qu'agent immobilier, je sais que de nombreux propri\u00e9taires...\t\t\t\t\t<\/div>\r\n\t\t\t\t\t<div class=\"mh-post-grid__btn-wrapper\">\r\n\t\t\t\t\t\t<a href=\"https:\/\/immomeier.lu\/fr\/why-transparency-and-a-realistic-price-estimate-are-crucial-when-selling-real-estate\/\" title=\"Pourquoi la transparence et une estimation r\u00e9aliste du prix sont cruciales lors de la vente d&#039;un bien immobilier.\"\r\n\t\t\t\t\t\t   class=\"mdl-button mdl-js-button mdl-button--raised mdl-button--primary-ghost\">\r\n\t\t\t\t\t\t\tEn savoir plus\t\t\t\t\t\t<\/a>\r\n\t\t\t\t\t<\/div>\r\n\t\t\t\t<\/div>\r\n\t\t\t<\/article>\r\n\t\t\t\t\t<article\r\n\t\t\t\tclass=\"mh-post-grid mh-post-grid--img-absolute mh-post-grid--white post-827 post type-post status-publish format-standard has-post-thumbnail hentry category-real-estate tag-architecture tag-design tag-house\">\r\n\t\t\t\t<a href=\"https:\/\/immomeier.lu\/fr\/the-most-inspiring-interior-design-of-2016\/\"\r\n\t\t\t\t   title=\"Ventes : Tout est dans le choix du moment !\"\r\n\t\t\t\t   class=\"mh-post-grid__thumbnail\">\r\n\t\t\t\t\t\t\t\t\t\t\t<div class=\"mh-thumbnail__inner\">\r\n\t\t\t\t\t\t\t\t\t<img\r\n\t\t\t\t\t\t\tdata-srcset=\"https:\/\/immomeier.lu\/wp-content\/uploads\/2017\/10\/money-2696229_1280-120x75.jpg 120w, https:\/\/immomeier.lu\/wp-content\/uploads\/2017\/10\/money-2696229_1280-18x10.jpg 18w, https:\/\/immomeier.lu\/wp-content\/uploads\/2017\/10\/money-2696229_1280-848x530.jpg 848w, https:\/\/immomeier.lu\/wp-content\/uploads\/2017\/10\/money-2696229_1280-600x375.jpg 600w, https:\/\/immomeier.lu\/wp-content\/uploads\/2017\/10\/money-2696229_1280-400x250.jpg 400w, https:\/\/immomeier.lu\/wp-content\/uploads\/2017\/10\/money-2696229_1280-224x140.jpg 224w\"\r\n\t\t\t\tclass=\"lazyload\"\r\n\t\t\t\tdata-sizes=\"auto\"\r\n\t\t\t\t\t\talt=\"Ventes : Tout est dans le choix du moment !\"\r\n\t\t>\r\n\t\t\t\t\t\t\t\t<\/div>\r\n\t\t\t\t\t\t<span class=\"mh-caption\">\r\n\t\t\t\t\t\t\t\t<span class=\"mh-caption__inner\">05.10.2024<\/span>\r\n\t\t\t\t\t\t\t<\/span>\r\n\t\t\t\t\t\t\t\t\t<\/a>\r\n\t\t\t\t<div class=\"mh-post-grid__inner\">\r\n\t\t\t\t\t<h3 class=\"mh-post-grid__heading\">\r\n\t\t\t\t\t\t<a href=\"https:\/\/immomeier.lu\/fr\/the-most-inspiring-interior-design-of-2016\/\" title=\"Ventes : Tout est dans le choix du moment !\">\r\n\t\t\t\t\t\t\tVentes : Tout est dans le choix du moment !\t\t\t\t\t\t<\/a>\r\n\t\t\t\t\t<\/h3>\r\n\t\t\t\t\t<div class=\"mh-post-grid__excerpt\">\r\n\t\t\t\t\t\tEn tant qu'agence immobili\u00e8re, l'une des strat\u00e9gies cl\u00e9s pour garantir la r\u00e9ussite des ventes de biens immobiliers consiste \u00e0 comprendre l'importance du timing. Le march\u00e9 de l'immobilier est dynamique et influenc\u00e9 par divers facteurs, ce qui...\t\t\t\t\t<\/div>\r\n\t\t\t\t\t<div class=\"mh-post-grid__btn-wrapper\">\r\n\t\t\t\t\t\t<a href=\"https:\/\/immomeier.lu\/fr\/the-most-inspiring-interior-design-of-2016\/\" title=\"Ventes : Tout est dans le choix du moment !\"\r\n\t\t\t\t\t\t   class=\"mdl-button mdl-js-button mdl-button--raised mdl-button--primary-ghost\">\r\n\t\t\t\t\t\t\tEn savoir plus\t\t\t\t\t\t<\/a>\r\n\t\t\t\t\t<\/div>\r\n\t\t\t\t<\/div>\r\n\t\t\t<\/article>\r\n\t\t\t\t\t<article\r\n\t\t\t\tclass=\"mh-post-grid mh-post-grid--img-absolute mh-post-grid--white post-225 post type-post status-publish format-standard has-post-thumbnail hentry category-immobilier category-market-news tag-market tag-news tag-pricing tag-real-estate\">\r\n\t\t\t\t<a href=\"https:\/\/immomeier.lu\/fr\/renovating-a-living-room-experts-share-their-secrets\/\"\r\n\t\t\t\t   title=\"Si le prix est conforme au march\u00e9, le bien se vendra m\u00eame en d\u00e9pit de la situation actuelle des taux d&#039;int\u00e9r\u00eat !\"\r\n\t\t\t\t   class=\"mh-post-grid__thumbnail\">\r\n\t\t\t\t\t\t\t\t\t\t\t<div class=\"mh-thumbnail__inner\">\r\n\t\t\t\t\t\t\t\t\t<img\r\n\t\t\t\t\t\t\tdata-srcset=\"https:\/\/immomeier.lu\/wp-content\/uploads\/2025\/01\/house-366927_640-120x75.jpg 120w, https:\/\/immomeier.lu\/wp-content\/uploads\/2025\/01\/house-366927_640-18x12.jpg 18w, https:\/\/immomeier.lu\/wp-content\/uploads\/2025\/01\/house-366927_640-600x375.jpg 600w, https:\/\/immomeier.lu\/wp-content\/uploads\/2025\/01\/house-366927_640-400x250.jpg 400w, https:\/\/immomeier.lu\/wp-content\/uploads\/2025\/01\/house-366927_640-224x140.jpg 224w\"\r\n\t\t\t\tclass=\"lazyload\"\r\n\t\t\t\tdata-sizes=\"auto\"\r\n\t\t\t\t\t\talt=\"Si le prix est conforme au march\u00e9, le bien se vendra m\u00eame en d\u00e9pit de la situation actuelle des taux d&#039;int\u00e9r\u00eat !\"\r\n\t\t>\r\n\t\t\t\t\t\t\t\t<\/div>\r\n\t\t\t\t\t\t<span class=\"mh-caption\">\r\n\t\t\t\t\t\t\t\t<span class=\"mh-caption__inner\">05.09.2024<\/span>\r\n\t\t\t\t\t\t\t<\/span>\r\n\t\t\t\t\t\t\t\t\t<\/a>\r\n\t\t\t\t<div class=\"mh-post-grid__inner\">\r\n\t\t\t\t\t<h3 class=\"mh-post-grid__heading\">\r\n\t\t\t\t\t\t<a href=\"https:\/\/immomeier.lu\/fr\/renovating-a-living-room-experts-share-their-secrets\/\" title=\"Si le prix est conforme au march\u00e9, le bien se vendra m\u00eame en d\u00e9pit de la situation actuelle des taux d&#039;int\u00e9r\u00eat !\">\r\n\t\t\t\t\t\t\tSi le prix est conforme au march\u00e9, le bien se vendra m\u00eame en d\u00e9pit de la situation actuelle des taux d'int\u00e9r\u00eat !\t\t\t\t\t\t<\/a>\r\n\t\t\t\t\t<\/h3>\r\n\t\t\t\t\t<div class=\"mh-post-grid__excerpt\">\r\n\t\t\t\t\t\tLe march\u00e9 de l'immobilier est un environnement dynamique influenc\u00e9 par de nombreux facteurs. L'une des consid\u00e9rations les plus fondamentales et les plus importantes lors de la vente d'un bien immobilier est le prix. Une phrase fr\u00e9quemment entendue dans le...\t\t\t\t\t<\/div>\r\n\t\t\t\t\t<div class=\"mh-post-grid__btn-wrapper\">\r\n\t\t\t\t\t\t<a href=\"https:\/\/immomeier.lu\/fr\/renovating-a-living-room-experts-share-their-secrets\/\" title=\"Si le prix est conforme au march\u00e9, le bien se vendra m\u00eame en d\u00e9pit de la situation actuelle des taux d&#039;int\u00e9r\u00eat !\"\r\n\t\t\t\t\t\t   class=\"mdl-button mdl-js-button mdl-button--raised mdl-button--primary-ghost\">\r\n\t\t\t\t\t\t\tEn savoir plus\t\t\t\t\t\t<\/a>\r\n\t\t\t\t\t<\/div>\r\n\t\t\t\t<\/div>\r\n\t\t\t<\/article>\r\n\t\t\t\t\t<article\r\n\t\t\t\tclass=\"mh-post-grid mh-post-grid--img-absolute mh-post-grid--white post-3732 post type-post status-publish format-standard has-post-thumbnail hentry category-immobilier category-news category-real-estate tag-agent tag-estate tag-home tag-house tag-real-estate\">\r\n\t\t\t\t<a href=\"https:\/\/immomeier.lu\/fr\/why-you-might-choose-to-work-with-a-real-estate-agent\/\"\r\n\t\t\t\t   title=\"Pourquoi choisir de travailler avec un agent immobilier ?\"\r\n\t\t\t\t   class=\"mh-post-grid__thumbnail\">\r\n\t\t\t\t\t\t\t\t\t\t\t<div class=\"mh-thumbnail__inner\">\r\n\t\t\t\t\t\t\t\t\t<img\r\n\t\t\t\t\t\t\tdata-srcset=\"https:\/\/immomeier.lu\/wp-content\/uploads\/2017\/09\/agent-video-new-img-120x75.jpg 120w, https:\/\/immomeier.lu\/wp-content\/uploads\/2017\/09\/agent-video-new-img-18x10.jpg 18w, https:\/\/immomeier.lu\/wp-content\/uploads\/2017\/09\/agent-video-new-img-848x530.jpg 848w, https:\/\/immomeier.lu\/wp-content\/uploads\/2017\/09\/agent-video-new-img-600x375.jpg 600w, https:\/\/immomeier.lu\/wp-content\/uploads\/2017\/09\/agent-video-new-img-400x250.jpg 400w, https:\/\/immomeier.lu\/wp-content\/uploads\/2017\/09\/agent-video-new-img-224x140.jpg 224w\"\r\n\t\t\t\tclass=\"lazyload\"\r\n\t\t\t\tdata-sizes=\"auto\"\r\n\t\t\t\t\t\talt=\"Pourquoi choisir de travailler avec un agent immobilier ?\"\r\n\t\t>\r\n\t\t\t\t\t\t\t\t<\/div>\r\n\t\t\t\t\t\t<span class=\"mh-caption\">\r\n\t\t\t\t\t\t\t\t<span class=\"mh-caption__inner\">02.11.2023<\/span>\r\n\t\t\t\t\t\t\t<\/span>\r\n\t\t\t\t\t\t\t\t\t<\/a>\r\n\t\t\t\t<div class=\"mh-post-grid__inner\">\r\n\t\t\t\t\t<h3 class=\"mh-post-grid__heading\">\r\n\t\t\t\t\t\t<a href=\"https:\/\/immomeier.lu\/fr\/why-you-might-choose-to-work-with-a-real-estate-agent\/\" title=\"Pourquoi choisir de travailler avec un agent immobilier ?\">\r\n\t\t\t\t\t\t\tPourquoi choisir de travailler avec un agent immobilier ?\t\t\t\t\t\t<\/a>\r\n\t\t\t\t\t<\/h3>\r\n\t\t\t\t\t<div class=\"mh-post-grid__excerpt\">\r\n\t\t\t\t\t\tIl y a plusieurs raisons pour lesquelles vous pouvez choisir de travailler avec un agent immobilier lors de l'achat ou de la vente d'un bien. En voici les principales : Expertise et connaissances. Les agents immobiliers sont des professionnels form\u00e9s...\t\t\t\t\t<\/div>\r\n\t\t\t\t\t<div class=\"mh-post-grid__btn-wrapper\">\r\n\t\t\t\t\t\t<a href=\"https:\/\/immomeier.lu\/fr\/why-you-might-choose-to-work-with-a-real-estate-agent\/\" title=\"Pourquoi choisir de travailler avec un agent immobilier ?\"\r\n\t\t\t\t\t\t   class=\"mdl-button mdl-js-button mdl-button--raised mdl-button--primary-ghost\">\r\n\t\t\t\t\t\t\tEn savoir plus\t\t\t\t\t\t<\/a>\r\n\t\t\t\t\t<\/div>\r\n\t\t\t\t<\/div>\r\n\t\t\t<\/article>\r\n\t\t\t<\/div>\r\n<div style=\"text-align:center;\"\r\n\t class=\"vc_custom_1531151516734\">\r\n\t<a href=\"https:\/\/immomeier.lu\/fr\/news\/\"\r\n\t   class=\"mdl-button mdl-js-button mdl-button--raised mdl-button--primary mdl-button--lg\"\r\n\t   title=\"Notre blog\"\r\n\t   target=\"_self\"\r\n\t>\r\n\t\tNotre blog\t<\/a>\r\n<\/div><\/div><\/div><\/div><\/div><div class=\"vc_row-full-width vc_clearfix\"><\/div><div class=\"vc_row wpb_row vc_row-fluid\"><div class=\"wpb_column vc_column_container vc_col-sm-12\"><div class=\"vc_column-inner vc_custom_1488467272652\"><div class=\"wpb_wrapper\"><div class=\"\">\r\n\t\r\n        <div class=\"mh-heading-wrapper\">\r\n            <h2            class=\"mh-heading  mh-heading--bottom-separator\"\r\n            style=\"font-weight:700;\">\r\n\t\t\tClients        <\/h2>\r\n\r\n\t\t    <\/div>\r\n\r\n\t<\/div>\t<div class=\"owl-carousel mh-clients owl-carousel--visible-5\">\r\n\t\t\t\t\t<div class=\"item\">\r\n\t\t\t\t<div class=\"mh-client\">\r\n\t\t\t\t\t\t\t\t\t\t<a href=\"https:\/\/immowelt.de\/profil\/10181189\" title=\"ImmoWelt.de - Partenaire\"\r\n\t\t\t\t\t   target=\"_blank\">\r\n\t\t\t\t\t\t<img loading=\"lazy\" decoding=\"async\" width=\"332\" height=\"78\" src=\"https:\/\/immomeier.lu\/wp-content\/uploads\/2025\/10\/immowelt.png\" class=\"attachment-full size-full wp-post-image\" alt=\"\" srcset=\"https:\/\/immomeier.lu\/wp-content\/uploads\/2025\/10\/immowelt.png 332w, https:\/\/immomeier.lu\/wp-content\/uploads\/2025\/10\/immowelt-300x70.png 300w, https:\/\/immomeier.lu\/wp-content\/uploads\/2025\/10\/immowelt-18x4.png 18w\" sizes=\"auto, (max-width: 332px) 100vw, 332px\" \/>\t\t\t\t\t<\/a>\r\n\t\t\t\t\t\t\t\t<\/div>\r\n\t\t\t<\/div>\r\n\t\t\t\t\t<div class=\"item\">\r\n\t\t\t\t<div class=\"mh-client\">\r\n\t\t\t\t\t\t\t\t\t\t<a href=\"https:\/\/immotv.lu\" title=\"ImmoTV.lu\"\r\n\t\t\t\t\t   target=\"_blank\">\r\n\t\t\t\t\t\tImmoTV.lu\t\t\t\t\t<\/a>\r\n\t\t\t\t\t\t\t\t<\/div>\r\n\t\t\t<\/div>\r\n\t\t\t\t\t<div class=\"item\">\r\n\t\t\t\t<div class=\"mh-client\">\r\n\t\t\t\t\t\t\t\t\t\t<a href=\"https:\/\/econcept.lu\" title=\"eConcept s\u00e0rl\"\r\n\t\t\t\t\t   target=\"_blank\">\r\n\t\t\t\t\t\t<img loading=\"lazy\" decoding=\"async\" width=\"332\" height=\"78\" src=\"https:\/\/immomeier.lu\/wp-content\/uploads\/2017\/02\/partner-econcept-1.png\" class=\"attachment-full size-full wp-post-image\" alt=\"\" srcset=\"https:\/\/immomeier.lu\/wp-content\/uploads\/2017\/02\/partner-econcept-1.png 332w, https:\/\/immomeier.lu\/wp-content\/uploads\/2017\/02\/partner-econcept-1-300x70.png 300w\" sizes=\"auto, (max-width: 332px) 100vw, 332px\" \/>\t\t\t\t\t<\/a>\r\n\t\t\t\t\t\t\t\t<\/div>\r\n\t\t\t<\/div>\r\n\t\t\t<\/div>\r\n<\/div><\/div><\/div><\/div>\n<\/div>","protected":false},"excerpt":{"rendered":"","protected":false},"author":1,"featured_media":0,"parent":0,"menu_order":0,"comment_status":"closed","ping_status":"closed","template":"page_full-width-with-top-title.php","meta":{"_acf_changed":false,"footnotes":""},"class_list":["post-409","page","type-page","status-publish","hentry"],"acf":[],"_links":{"self":[{"href":"https:\/\/immomeier.lu\/fr\/wp-json\/wp\/v2\/pages\/409","targetHints":{"allow":["GET"]}}],"collection":[{"href":"https:\/\/immomeier.lu\/fr\/wp-json\/wp\/v2\/pages"}],"about":[{"href":"https:\/\/immomeier.lu\/fr\/wp-json\/wp\/v2\/types\/page"}],"author":[{"embeddable":true,"href":"https:\/\/immomeier.lu\/fr\/wp-json\/wp\/v2\/users\/1"}],"replies":[{"embeddable":true,"href":"https:\/\/immomeier.lu\/fr\/wp-json\/wp\/v2\/comments?post=409"}],"version-history":[{"count":5,"href":"https:\/\/immomeier.lu\/fr\/wp-json\/wp\/v2\/pages\/409\/revisions"}],"predecessor-version":[{"id":3899,"href":"https:\/\/immomeier.lu\/fr\/wp-json\/wp\/v2\/pages\/409\/revisions\/3899"}],"wp:attachment":[{"href":"https:\/\/immomeier.lu\/fr\/wp-json\/wp\/v2\/media?parent=409"}],"curies":[{"name":"wp","href":"https:\/\/api.w.org\/{rel}","templated":true}]}}