{"id":5168,"date":"2026-01-02T11:55:16","date_gmt":"2026-01-02T10:55:16","guid":{"rendered":"https:\/\/immomeier.lu\/?post_type=estate&#038;p=5168"},"modified":"2026-03-16T14:28:10","modified_gmt":"2026-03-16T13:28:10","slug":"appartement-de-prestige-dans-la-residence-pour-personnes-agees-am-park","status":"publish","type":"estate","link":"https:\/\/immomeier.lu\/fr\/properties\/apartment\/sale\/prestigious-apartment-in-the-am-park-assisted-living-residence\/","title":{"rendered":"Prestigious apartment in the &#8220;AM PARK&#8221; assisted living residence"},"content":{"rendered":"<h2><span data-offset-key=\"bporh-0-0\">Vie accompagn\u00e9e dans la r\u00e9sidence senior \u201cAM PARK\u201d, confort et s\u00e9curit\u00e9. <\/span><\/h2>\n<p><span data-offset-key=\"bporh-0-0\">D\u00e9couvrez un espace de vie o\u00f9 l'\u00e9l\u00e9gance, la s\u00e9curit\u00e9 et le confort maximal sont harmonieusement combin\u00e9s. Cet appartement exclusif au rez-de-chauss\u00e9e est situ\u00e9 dans la c\u00e9l\u00e8bre r\u00e9sidence pour personnes \u00e2g\u00e9es \u201cAM PARK\u201d et est neuf et inoccup\u00e9. <\/span><\/p>\n<p><span data-offset-key=\"bporh-0-0\">Vous appr\u00e9ciez d'\u00eatre le premier r\u00e9sident dans une ambiance de qualit\u00e9. La r\u00e9sidence s'adresse aux personnes \u00e2g\u00e9es de 60 ans et plus, ainsi qu'aux personnes \u00e0 mobilit\u00e9 r\u00e9duite de tous \u00e2ges. <\/span><\/p>\n<p><span data-offset-key=\"bporh-0-0\">Un cadre de vie extraordinaire qui allie de mani\u00e8re unique style, tranquillit\u00e9 et qualit\u00e9 de vie.<\/span><\/p>\n<h3><span data-offset-key=\"bporh-0-0\"> ** Un habitat de grande qualit\u00e9 avec un confort bien pens\u00e9 **<\/span><\/h3>\n<p><span data-offset-key=\"bporh-0-0\"> Le salon et la salle \u00e0 manger, lumineux et spacieux, offrent une atmosph\u00e8re agr\u00e9able et un acc\u00e8s direct \u00e0 la terrasse couverte de 14 m\u00b2, une extension id\u00e9ale de l'espace de vie pour des moments de d\u00e9tente en plein air. <\/span><\/p>\n<p><span data-offset-key=\"bporh-0-0\">La cuisine moderne et bien \u00e9quip\u00e9e allie un design \u00e9l\u00e9gant \u00e0 une fonctionnalit\u00e9 optimale. <\/span><\/p>\n<p><span data-offset-key=\"bporh-0-0\">La chambre \u00e0 coucher spacieuse est con\u00e7ue comme une retraite confortable. La salle de douche \u00e9l\u00e9gante et sans obstacle s\u00e9duit par ses \u00e9quipements de haute qualit\u00e9 et son aspect pratique pour un usage quotidien. Une cave priv\u00e9e et une place de parking int\u00e9rieure compl\u00e8tent cette offre attrayante de construction neuve. <\/span><\/p>\n<h3><span data-offset-key=\"bporh-0-0\">** Vie exclusive avec qualit\u00e9 de service **<\/span><\/h3>\n<p><span data-offset-key=\"bporh-0-0\"> La r\u00e9sidence est synonyme d'un cadre de vie bien entretenu, s\u00fbr et tranquille. <\/span><\/p>\n<p><span data-offset-key=\"bporh-0-0\">Des services professionnels sont disponibles en cas de besoin, tout en pr\u00e9servant votre ind\u00e9pendance. Des espaces communs am\u00e9nag\u00e9s avec go\u00fbt cr\u00e9ent une atmosph\u00e8re de calme et de bien-\u00eatre. <\/span><\/p>\n<h3><span data-offset-key=\"bporh-0-0\">** Commodit\u00e9s \u00e0 proximit\u00e9 **<\/span><\/h3>\n<p><span data-offset-key=\"bporh-0-0\"> Berdorf impressionne par sa situation tranquille au milieu de la nature luxembourgeoise. Les commerces, les restaurants et les services m\u00e9dicaux se trouvent \u00e0 proximit\u00e9. De nombreux sentiers de randonn\u00e9e, espaces verts et activit\u00e9s de loisirs garantissent une qualit\u00e9 de vie \u00e9lev\u00e9e. Profitez de cette rare opportunit\u00e9 d'acqu\u00e9rir un appartement neuf et inoccup\u00e9 dans une r\u00e9sidence exclusive pour seniors. <\/span><\/p>\n<p>&nbsp;<\/p>","protected":false},"excerpt":{"rendered":"<p>Supported living in the senior residence &#8220;AM PARK&#8221;, comfort &amp; security. Experience a living space where elegance, safety, and maximum comfort are harmoniously combined. This exclusive ground floor apartment is located in the renowned senior residence &#8220;AM PARK&#8221; and is new and unoccupied. You enjoy being the first resident in a high-quality ambience. The residence [&hellip;]<\/p>\n","protected":false},"author":14,"featured_media":5178,"template":"","property-type":[5],"offer-type":[117],"street":[308,307],"city":[303],"zip-code":[304],"region":[154],"country":[155],"features":[305,306],"mandate":[166],"class_list":["post-5168","estate","type-estate","status-publish","has-post-thumbnail","hentry","property-type-apartment","offer-type-sale","street-308","street-an-der-ruetsbech","city-berdorf","zip-code-304","region-east","country-lux","features-assisted-living","features-reduced-mobility","mandate-exclusive"],"acf":[],"_links":{"self":[{"href":"https:\/\/immomeier.lu\/fr\/wp-json\/wp\/v2\/estate\/5168","targetHints":{"allow":["GET"]}}],"collection":[{"href":"https:\/\/immomeier.lu\/fr\/wp-json\/wp\/v2\/estate"}],"about":[{"href":"https:\/\/immomeier.lu\/fr\/wp-json\/wp\/v2\/types\/estate"}],"author":[{"embeddable":true,"href":"https:\/\/immomeier.lu\/fr\/wp-json\/wp\/v2\/users\/14"}],"wp:featuredmedia":[{"embeddable":true,"href":"https:\/\/immomeier.lu\/fr\/wp-json\/wp\/v2\/media\/5178"}],"wp:attachment":[{"href":"https:\/\/immomeier.lu\/fr\/wp-json\/wp\/v2\/media?parent=5168"}],"wp:term":[{"taxonomy":"property-type","embeddable":true,"href":"https:\/\/immomeier.lu\/fr\/wp-json\/wp\/v2\/property-type?post=5168"},{"taxonomy":"offer-type","embeddable":true,"href":"https:\/\/immomeier.lu\/fr\/wp-json\/wp\/v2\/offer-type?post=5168"},{"taxonomy":"street","embeddable":true,"href":"https:\/\/immomeier.lu\/fr\/wp-json\/wp\/v2\/street?post=5168"},{"taxonomy":"city","embeddable":true,"href":"https:\/\/immomeier.lu\/fr\/wp-json\/wp\/v2\/city?post=5168"},{"taxonomy":"zip-code","embeddable":true,"href":"https:\/\/immomeier.lu\/fr\/wp-json\/wp\/v2\/zip-code?post=5168"},{"taxonomy":"region","embeddable":true,"href":"https:\/\/immomeier.lu\/fr\/wp-json\/wp\/v2\/region?post=5168"},{"taxonomy":"country","embeddable":true,"href":"https:\/\/immomeier.lu\/fr\/wp-json\/wp\/v2\/country?post=5168"},{"taxonomy":"features","embeddable":true,"href":"https:\/\/immomeier.lu\/fr\/wp-json\/wp\/v2\/features?post=5168"},{"taxonomy":"mandate","embeddable":true,"href":"https:\/\/immomeier.lu\/fr\/wp-json\/wp\/v2\/mandate?post=5168"}],"curies":[{"name":"wp","href":"https:\/\/api.w.org\/{rel}","templated":true}]}}