{"id":4768,"date":"2025-06-25T20:02:19","date_gmt":"2025-06-25T18:02:19","guid":{"rendered":"https:\/\/immomeier.lu\/?post_type=estate&#038;p=4768"},"modified":"2025-07-17T10:53:34","modified_gmt":"2025-07-17T08:53:34","slug":"bureau-a-belval-0-2-2-residence-manhattan","status":"publish","type":"estate","link":"https:\/\/immomeier.lu\/fr\/properties\/office\/sale\/office-in-belval-0-2-2-residence-manhattan\/","title":{"rendered":"Bureau \u00e0 Belval 0.2.2 ( Residence Manhattan)"},"content":{"rendered":"<h3><span data-offset-key=\"cpbbm-0-0\">*** Dernier lot *** R\u00e9sidence \u00e0 Manhattan *** <\/span><\/h3>\n<p><span data-offset-key=\"cpbbm-0-0\">Cet immeuble mixte, situ\u00e9 \u00e0 Belval, combine harmonieusement des espaces r\u00e9sidentiels, des bureaux et des commerces. <\/span><\/p>\n<p><span data-offset-key=\"cpbbm-0-0\">Sa conception, issue d'un concours remport\u00e9 par Metaform Architects en partenariat avec Soludec Asars Development, refl\u00e8te une approche architecturale innovante. D\u00e9couvrez un superbe bureau \u00e0 vendre \u00e0 Belval, Luxembourg. <\/span><\/p>\n<p><span data-offset-key=\"cpbbm-0-0\">Livr\u00e9 \"Casco\", il permet des am\u00e9nagements personnalis\u00e9s. Cet espace est id\u00e9al pour les professionnels \u00e0 la recherche d'un emplacement strat\u00e9gique au c\u0153ur du pays. <\/span><\/p>\n<h4><span data-offset-key=\"cpbbm-0-0\">D\u00e9tails de la propri\u00e9t\u00e9<\/span><\/h4>\n<p><span data-offset-key=\"cpbbm-0-0\"> Ce bureau spacieux de 132 m\u00b2 offre un large \u00e9ventail de caract\u00e9ristiques attrayantes. Combinant l'acc\u00e8s \u00e0 un parking int\u00e9rieur et l'avantage d'un ascenseur, cet espace moderne assure un maximum de confort \u00e0 ses utilisateurs. <\/span><\/p>\n<p><span data-offset-key=\"cpbbm-0-0\">Les diff\u00e9rentes fonctions du b\u00e2timent se distinguent naturellement par un jeu subtil de couches, guid\u00e9 par la vari\u00e9t\u00e9 des ouvertures de la fa\u00e7ade. Ces \u00e9l\u00e9ments architecturaux fournissent des indices visuels sur les utilisations abrit\u00e9es derri\u00e8re les murs. Les boutiques sont situ\u00e9es au rez-de-chauss\u00e9e, o\u00f9 de grandes surfaces vitr\u00e9es s'ouvrent directement sur la rue, favorisant l'interaction avec l'espace public. Sur le c\u00f4t\u00e9, une colonnade longe une zone verte semi-pi\u00e9tonne, formant un passage abrit\u00e9 qui m\u00e8ne aux entr\u00e9es l\u00e9g\u00e8rement en retrait. Des espaces de bureaux occupent le premier \u00e9tage ainsi qu'une partie de l'arri\u00e8re du rez-de-chauss\u00e9e.<\/span><\/p>\n<p><span data-offset-key=\"cpbbm-0-0\">T<\/span><span data-offset-key=\"cpbbm-0-0\">Les fen\u00eatres de ces espaces sont con\u00e7ues en trois parties : deux parties lat\u00e9rales ouvrantes et un panneau vitr\u00e9 central fixe. Les \u00e9tages sup\u00e9rieurs sont d\u00e9di\u00e9s au logement, identifiable sur la fa\u00e7ade par une diversit\u00e9 dans la taille et le rythme des ouvertures, donnant ainsi un caract\u00e8re unique et vivant \u00e0 cette partie du b\u00e2timent. <\/span><\/p>\n<h4><span data-offset-key=\"cpbbm-0-0\">Commodit\u00e9s \u00e0 proximit\u00e9<\/span><\/h4>\n<p><span data-offset-key=\"cpbbm-0-0\"> Le quartier chaleureux de Belval vous accueille avec de nombreuses commodit\u00e9s. Vous y trouverez des \u00e9coles de qualit\u00e9, divers magasins pour tous vos besoins quotidiens, ainsi qu'une offre vari\u00e9e de restaurants et de caf\u00e9s pour des repas agr\u00e9ables. Les environs sont \u00e9galement dot\u00e9s de charmants parcs pour la d\u00e9tente, en plus d'un acc\u00e8s facile \u00e0 des \u00e9tablissements de soins de sant\u00e9 de confiance. <\/span><\/p>\n<p><span data-offset-key=\"cpbbm-0-0\">Enfin, le r\u00e9seau de transport bien d\u00e9velopp\u00e9 permet de se d\u00e9placer rapidement et sans encombre dans tout le Luxembourg. Ne manquez pas cette opportunit\u00e9 exceptionnelle ! <\/span><\/p>\n<p><span data-offset-key=\"cpbbm-0-0\">Planifiez une visite d\u00e8s maintenant en nous contactant via le formulaire de contact ou par t\u00e9l\u00e9phone.<\/span><\/p>","protected":false},"excerpt":{"rendered":"<p>*** Last Lot *** Manhattan Residence *** This mixed-use building, located in Belval, harmoniously combines residential spaces, offices, and shops. Its design, resulting from a competition won by Metaform Architects in partnership with Soludec Asars Development, reflects an innovative architectural approach. Discover a superb office for sale in Belval, Luxembourg. Delivered &#8220;Casco,&#8221; it allows for [&hellip;]<\/p>\n","protected":false},"author":17,"featured_media":4769,"template":"","property-type":[6],"offer-type":[117],"street":[],"city":[243],"zip-code":[244],"region":[],"country":[155],"features":[],"mandate":[183],"class_list":["post-4768","estate","type-estate","status-publish","has-post-thumbnail","hentry","property-type-office","offer-type-sale","city-belval","zip-code-244","country-lux","mandate-pivilege"],"acf":[],"_links":{"self":[{"href":"https:\/\/immomeier.lu\/fr\/wp-json\/wp\/v2\/estate\/4768","targetHints":{"allow":["GET"]}}],"collection":[{"href":"https:\/\/immomeier.lu\/fr\/wp-json\/wp\/v2\/estate"}],"about":[{"href":"https:\/\/immomeier.lu\/fr\/wp-json\/wp\/v2\/types\/estate"}],"author":[{"embeddable":true,"href":"https:\/\/immomeier.lu\/fr\/wp-json\/wp\/v2\/users\/17"}],"wp:featuredmedia":[{"embeddable":true,"href":"https:\/\/immomeier.lu\/fr\/wp-json\/wp\/v2\/media\/4769"}],"wp:attachment":[{"href":"https:\/\/immomeier.lu\/fr\/wp-json\/wp\/v2\/media?parent=4768"}],"wp:term":[{"taxonomy":"property-type","embeddable":true,"href":"https:\/\/immomeier.lu\/fr\/wp-json\/wp\/v2\/property-type?post=4768"},{"taxonomy":"offer-type","embeddable":true,"href":"https:\/\/immomeier.lu\/fr\/wp-json\/wp\/v2\/offer-type?post=4768"},{"taxonomy":"street","embeddable":true,"href":"https:\/\/immomeier.lu\/fr\/wp-json\/wp\/v2\/street?post=4768"},{"taxonomy":"city","embeddable":true,"href":"https:\/\/immomeier.lu\/fr\/wp-json\/wp\/v2\/city?post=4768"},{"taxonomy":"zip-code","embeddable":true,"href":"https:\/\/immomeier.lu\/fr\/wp-json\/wp\/v2\/zip-code?post=4768"},{"taxonomy":"region","embeddable":true,"href":"https:\/\/immomeier.lu\/fr\/wp-json\/wp\/v2\/region?post=4768"},{"taxonomy":"country","embeddable":true,"href":"https:\/\/immomeier.lu\/fr\/wp-json\/wp\/v2\/country?post=4768"},{"taxonomy":"features","embeddable":true,"href":"https:\/\/immomeier.lu\/fr\/wp-json\/wp\/v2\/features?post=4768"},{"taxonomy":"mandate","embeddable":true,"href":"https:\/\/immomeier.lu\/fr\/wp-json\/wp\/v2\/mandate?post=4768"}],"curies":[{"name":"wp","href":"https:\/\/api.w.org\/{rel}","templated":true}]}}