{"id":5168,"date":"2026-01-02T11:55:16","date_gmt":"2026-01-02T10:55:16","guid":{"rendered":"https:\/\/immomeier.lu\/?post_type=estate&#038;p=5168"},"modified":"2026-03-16T14:28:10","modified_gmt":"2026-03-16T13:28:10","slug":"prestigetrachtige-wohnung-in-der-betreuten-wohnanlage-am-park","status":"publish","type":"estate","link":"https:\/\/immomeier.lu\/de\/properties\/apartment\/sale\/prestigious-apartment-in-the-am-park-assisted-living-residence\/","title":{"rendered":"Prestigious apartment in the &#8220;AM PARK&#8221; assisted living residence"},"content":{"rendered":"<h2><span data-offset-key=\"bporh-0-0\">Betreutes Wohnen in der Seniorenresidenz \"AM PARK\", Komfort und Sicherheit. <\/span><\/h2>\n<p><span data-offset-key=\"bporh-0-0\">Erleben Sie einen Lebensraum, in dem Eleganz, Sicherheit und h\u00f6chster Komfort harmonisch miteinander verbunden sind. Diese exklusive Erdgeschosswohnung befindet sich in der renommierten Seniorenresidenz \"AM PARK\" und ist neu und unbewohnt. <\/span><\/p>\n<p><span data-offset-key=\"bporh-0-0\">Sie genie\u00dfen es, der erste Bewohner in einem hochwertigen Ambiente zu sein. Die Residenz richtet sich an Personen ab 60 Jahren sowie an Menschen mit eingeschr\u00e4nkter Mobilit\u00e4t jeden Alters. <\/span><\/p>\n<p><span data-offset-key=\"bporh-0-0\">Ein au\u00dfergew\u00f6hnliches Wohnumfeld, das Stil, Ruhe und Lebensqualit\u00e4t auf einzigartige Weise verbindet.<\/span><\/p>\n<h3><span data-offset-key=\"bporh-0-0\"> ** Hochwertiges Wohnen mit durchdachtem Komfort **<\/span><\/h3>\n<p><span data-offset-key=\"bporh-0-0\"> Der helle und ger\u00e4umige Wohn- und Essbereich bietet eine angenehme Atmosph\u00e4re und direkten Zugang zur \u00fcberdachten Terrasse mit 14 m\u00b2, einer idealen Erweiterung des Wohnbereichs f\u00fcr entspannende Momente im Freien. <\/span><\/p>\n<p><span data-offset-key=\"bporh-0-0\">Die moderne, gut ausgestattete K\u00fcche verbindet elegantes Design mit optimaler Funktionalit\u00e4t. <\/span><\/p>\n<p><span data-offset-key=\"bporh-0-0\">Das ger\u00e4umige Schlafzimmer ist als komfortabler R\u00fcckzugsort konzipiert. Das stilvolle, barrierefreie Duschbad besticht durch eine hochwertige Ausstattung und h\u00f6chste Alltagstauglichkeit. Ein eigener Kellerraum und ein \u00fcberdachter Stellplatz runden dieses attraktive Neubauangebot ab. <\/span><\/p>\n<h3><span data-offset-key=\"bporh-0-0\">** Exklusives Wohnen mit Servicequalit\u00e4t **<\/span><\/h3>\n<p><span data-offset-key=\"bporh-0-0\"> Die Residenz steht f\u00fcr ein gepflegtes, sicheres und ruhiges Wohnumfeld. <\/span><\/p>\n<p><span data-offset-key=\"bporh-0-0\">Professionelle Dienstleistungen stehen bei Bedarf zur Verf\u00fcgung, w\u00e4hrend Ihre Unabh\u00e4ngigkeit voll erhalten bleibt. Geschmackvoll gestaltete Gemeinschaftsbereiche schaffen eine Atmosph\u00e4re der Ruhe und des Wohlbefindens. <\/span><\/p>\n<h3><span data-offset-key=\"bporh-0-0\">** Annehmlichkeiten in der N\u00e4he **<\/span><\/h3>\n<p><span data-offset-key=\"bporh-0-0\"> Berdorf besticht durch seine ruhige Lage inmitten der herrlichen Natur Luxemburgs. Einkaufsm\u00f6glichkeiten, Restaurants und medizinische Versorgung befinden sich in unmittelbarer N\u00e4he. Zahlreiche Wanderwege, Gr\u00fcnfl\u00e4chen und Freizeitangebote sorgen f\u00fcr eine hohe Lebensqualit\u00e4t. Nutzen Sie diese seltene Gelegenheit, eine neue, unbewohnte Wohnung in einer exklusiven Seniorenresidenz zu erwerben. <\/span><\/p>\n<p>&nbsp;<\/p>","protected":false},"excerpt":{"rendered":"<p>Supported living in the senior residence &#8220;AM PARK&#8221;, comfort &amp; security. Experience a living space where elegance, safety, and maximum comfort are harmoniously combined. This exclusive ground floor apartment is located in the renowned senior residence &#8220;AM PARK&#8221; and is new and unoccupied. You enjoy being the first resident in a high-quality ambience. The residence [&hellip;]<\/p>\n","protected":false},"author":14,"featured_media":5178,"template":"","property-type":[5],"offer-type":[117],"street":[308,307],"city":[303],"zip-code":[304],"region":[154],"country":[155],"features":[305,306],"mandate":[166],"class_list":["post-5168","estate","type-estate","status-publish","has-post-thumbnail","hentry","property-type-apartment","offer-type-sale","street-308","street-an-der-ruetsbech","city-berdorf","zip-code-304","region-east","country-lux","features-assisted-living","features-reduced-mobility","mandate-exclusive"],"acf":[],"_links":{"self":[{"href":"https:\/\/immomeier.lu\/de\/wp-json\/wp\/v2\/estate\/5168","targetHints":{"allow":["GET"]}}],"collection":[{"href":"https:\/\/immomeier.lu\/de\/wp-json\/wp\/v2\/estate"}],"about":[{"href":"https:\/\/immomeier.lu\/de\/wp-json\/wp\/v2\/types\/estate"}],"author":[{"embeddable":true,"href":"https:\/\/immomeier.lu\/de\/wp-json\/wp\/v2\/users\/14"}],"wp:featuredmedia":[{"embeddable":true,"href":"https:\/\/immomeier.lu\/de\/wp-json\/wp\/v2\/media\/5178"}],"wp:attachment":[{"href":"https:\/\/immomeier.lu\/de\/wp-json\/wp\/v2\/media?parent=5168"}],"wp:term":[{"taxonomy":"property-type","embeddable":true,"href":"https:\/\/immomeier.lu\/de\/wp-json\/wp\/v2\/property-type?post=5168"},{"taxonomy":"offer-type","embeddable":true,"href":"https:\/\/immomeier.lu\/de\/wp-json\/wp\/v2\/offer-type?post=5168"},{"taxonomy":"street","embeddable":true,"href":"https:\/\/immomeier.lu\/de\/wp-json\/wp\/v2\/street?post=5168"},{"taxonomy":"city","embeddable":true,"href":"https:\/\/immomeier.lu\/de\/wp-json\/wp\/v2\/city?post=5168"},{"taxonomy":"zip-code","embeddable":true,"href":"https:\/\/immomeier.lu\/de\/wp-json\/wp\/v2\/zip-code?post=5168"},{"taxonomy":"region","embeddable":true,"href":"https:\/\/immomeier.lu\/de\/wp-json\/wp\/v2\/region?post=5168"},{"taxonomy":"country","embeddable":true,"href":"https:\/\/immomeier.lu\/de\/wp-json\/wp\/v2\/country?post=5168"},{"taxonomy":"features","embeddable":true,"href":"https:\/\/immomeier.lu\/de\/wp-json\/wp\/v2\/features?post=5168"},{"taxonomy":"mandate","embeddable":true,"href":"https:\/\/immomeier.lu\/de\/wp-json\/wp\/v2\/mandate?post=5168"}],"curies":[{"name":"wp","href":"https:\/\/api.w.org\/{rel}","templated":true}]}}