{"id":4851,"date":"2025-08-28T11:31:18","date_gmt":"2025-08-28T09:31:18","guid":{"rendered":"https:\/\/immomeier.lu\/?post_type=estate&#038;p=4851"},"modified":"2026-04-28T09:45:23","modified_gmt":"2026-04-28T07:45:23","slug":"charmante-maisonette-wohnung-in-mertert","status":"publish","type":"estate","link":"https:\/\/immomeier.lu\/de\/properties\/duplex\/sold\/charming-duplex-apartment-in-mertert\/","title":{"rendered":"Charmante Duplex-Wohnung in Mertert"},"content":{"rendered":"<h3 data-start=\"95\" data-end=\"187\"><strong data-start=\"95\" data-end=\"187\">Charmante Maisonette-Wohnung mit Moselblick in Mertert - Ruhige Lage &amp; moderner Komfort<\/strong><\/h3>\n<p data-start=\"189\" data-end=\"482\">Wir freuen uns, Ihnen dieses gut gepflegte <strong data-start=\"238\" data-end=\"258\">Maisonette-Wohnung<\/strong> mit etwa <strong data-start=\"278\" data-end=\"303\">78 m\u00b2 Wohnfl\u00e4che<\/strong> in der begehrten und friedlichen Gemeinde von <strong data-start=\"350\" data-end=\"361\">Mertert<\/strong>. Der 2015 erbaute, moderne Wohnkomplex besticht durch seine durchdachte Aufteilung und ein atemberaubendes <strong data-start=\"452\" data-end=\"481\">Blick auf die Mosel<\/strong>.<\/p>\n<h4 data-start=\"484\" data-end=\"512\"><strong data-start=\"488\" data-end=\"512\">Immobilien-Highlights:<\/strong><\/h4>\n<ul data-start=\"513\" data-end=\"720\">\n<li data-start=\"513\" data-end=\"543\">\n<p data-start=\"515\" data-end=\"543\">Ca. 78 m\u00b2 Wohnfl\u00e4che<\/p>\n<\/li>\n<li data-start=\"580\" data-end=\"594\">\n<p data-start=\"582\" data-end=\"594\">2 Schlafzimmer<\/p>\n<\/li>\n<li data-start=\"595\" data-end=\"638\">\n<p data-start=\"597\" data-end=\"638\">Terrasse mit atemberaubendem Moselblick<\/p>\n<\/li>\n<li data-start=\"639\" data-end=\"665\">\n<p data-start=\"641\" data-end=\"665\"><strong data-start=\"641\" data-end=\"663\">Zwei Parkpl\u00e4tze<\/strong><\/p>\n<\/li>\n<li data-start=\"666\" data-end=\"689\">\n<p data-start=\"668\" data-end=\"689\">Ausgezeichneter Zustand<\/p>\n<\/li>\n<li data-start=\"690\" data-end=\"720\">\n<p data-start=\"692\" data-end=\"720\">Ruhige und gr\u00fcne Umgebung<\/p>\n<\/li>\n<\/ul>\n<h4 data-start=\"722\" data-end=\"737\"><strong data-start=\"726\" data-end=\"737\">Layout:<\/strong><\/h4>\n<p data-start=\"739\" data-end=\"787\"><strong data-start=\"739\" data-end=\"785\">Erdgeschoss (Zugang \u00fcber gemeinsamen Eingang):<\/strong><\/p>\n<ul data-start=\"788\" data-end=\"848\">\n<li data-start=\"788\" data-end=\"848\">\n<p data-start=\"790\" data-end=\"848\">Privater Eingang mit Treppe in den ersten Stock<\/p>\n<\/li>\n<\/ul>\n<p data-start=\"850\" data-end=\"868\"><strong data-start=\"850\" data-end=\"866\">Erster Stock:<\/strong><\/p>\n<ul data-start=\"869\" data-end=\"934\">\n<li data-start=\"869\" data-end=\"912\">\n<p data-start=\"871\" data-end=\"912\">Ger\u00e4umiges Hauptschlafzimmer (ca. 13 m\u00b2)<\/p>\n<\/li>\n<li data-start=\"913\" data-end=\"934\">\n<p data-start=\"915\" data-end=\"934\">N\u00fctzlicher Abstellraum<\/p>\n<\/li>\n<\/ul>\n<p data-start=\"936\" data-end=\"955\"><strong data-start=\"936\" data-end=\"953\">Zweiter Stock:<\/strong><\/p>\n<ul data-start=\"956\" data-end=\"1164\">\n<li data-start=\"956\" data-end=\"1042\">\n<p data-start=\"958\" data-end=\"1042\">Heller offener Wohn- und Essbereich mit moderner Einbauk\u00fcche (ca. 28 m\u00b2)<\/p>\n<\/li>\n<li data-start=\"1043\" data-end=\"1102\">\n<p data-start=\"1045\" data-end=\"1102\">Zugang zum <strong data-start=\"1059\" data-end=\"1076\">sonnige Terrasse<\/strong> mit Blick auf die Mosel<\/p>\n<\/li>\n<li data-start=\"1103\" data-end=\"1130\">\n<p data-start=\"1105\" data-end=\"1130\">Schlafzimmer (ca. 13 m\u00b2)<\/p>\n<\/li>\n<li data-start=\"1131\" data-end=\"1146\">\n<p data-start=\"1133\" data-end=\"1146\">Duschraum<\/p>\n<\/li>\n<li data-start=\"1147\" data-end=\"1164\">\n<p data-start=\"1149\" data-end=\"1164\">Getrennte Toilette<\/p>\n<\/li>\n<\/ul>\n<h4 data-start=\"1166\" data-end=\"1194\"><strong data-start=\"1170\" data-end=\"1194\">Zus\u00e4tzliche Merkmale:<\/strong><\/h4>\n<ul data-start=\"1195\" data-end=\"1423\">\n<li data-start=\"1195\" data-end=\"1243\">\n<p data-start=\"1197\" data-end=\"1243\"><strong data-start=\"1197\" data-end=\"1219\">Fu\u00dfbodenheizung<\/strong> (Gas-Zentralheizung)<\/p>\n<\/li>\n<li data-start=\"1244\" data-end=\"1276\">\n<p data-start=\"1246\" data-end=\"1276\"><strong data-start=\"1246\" data-end=\"1274\">Elektrische Rolll\u00e4den<\/strong><\/p>\n<\/li>\n<li data-start=\"1277\" data-end=\"1320\">\n<p data-start=\"1279\" data-end=\"1320\"><strong data-start=\"1279\" data-end=\"1294\">Dachgeschoss<\/strong> als zus\u00e4tzlicher Stauraum nutzbar<\/p>\n<\/li>\n<li data-start=\"1321\" data-end=\"1374\">\n<p data-start=\"1323\" data-end=\"1374\">Zwei <strong data-start=\"1327\" data-end=\"1345\">Stellpl\u00e4tze<\/strong> auf der R\u00fcckseite des Komplexes<\/p>\n<\/li>\n<li data-start=\"1375\" data-end=\"1423\">\n<p data-start=\"1377\" data-end=\"1423\">Gepflegtes, ruhiges Wohnumfeld<\/p>\n<\/li>\n<\/ul>\n<h4 data-start=\"1425\" data-end=\"1452\"><strong data-start=\"1429\" data-end=\"1452\">Ausgezeichneter Standort:<\/strong><\/h4>\n<p data-start=\"1453\" data-end=\"1712\">Die Wohnung profitiert von einer idealen Lage in der N\u00e4he aller Annehmlichkeiten wie Gesch\u00e4fte, \u00f6ffentliche Verkehrsmittel (Bus und Bahn) und Autobahnen. Genie\u00dfen Sie die Ruhe einer sch\u00f6nen Flusslandschaft und sind gleichzeitig gut angebunden - perfekt f\u00fcr Pendler und Naturliebhaber gleicherma\u00dfen.<\/p>\n<p data-start=\"1453\" data-end=\"1712\"><br data-start=\"1799\" data-end=\"1802\" \/><strong>Diese sch\u00f6ne Wohnung ist bereit, Ihr neues Zuhause zu werden!<\/strong><\/p>","protected":false},"excerpt":{"rendered":"<p>Charming Duplex Apartment with Moselle View in Mertert \u2013 Quiet Location &amp; Modern Comfort We are pleased to offer you this well-maintained duplex apartment with approximately 78 m\u00b2 of living space in the sought-after and peaceful community of Mertert. Built in 2015, this modern residential complex boasts a thoughtful layout and a stunning view of [&hellip;]<\/p>\n","protected":false},"author":14,"featured_media":5450,"template":"","property-type":[217],"offer-type":[132],"street":[263,264],"city":[265],"zip-code":[266],"region":[],"country":[189],"features":[],"mandate":[166],"class_list":["post-4851","estate","type-estate","status-publish","has-post-thumbnail","hentry","property-type-duplex","offer-type-sold","street-263","street-rue-basse","city-mertert","zip-code-266","country-luxembourg","mandate-exclusive"],"acf":[],"_links":{"self":[{"href":"https:\/\/immomeier.lu\/de\/wp-json\/wp\/v2\/estate\/4851","targetHints":{"allow":["GET"]}}],"collection":[{"href":"https:\/\/immomeier.lu\/de\/wp-json\/wp\/v2\/estate"}],"about":[{"href":"https:\/\/immomeier.lu\/de\/wp-json\/wp\/v2\/types\/estate"}],"author":[{"embeddable":true,"href":"https:\/\/immomeier.lu\/de\/wp-json\/wp\/v2\/users\/14"}],"wp:featuredmedia":[{"embeddable":true,"href":"https:\/\/immomeier.lu\/de\/wp-json\/wp\/v2\/media\/5450"}],"wp:attachment":[{"href":"https:\/\/immomeier.lu\/de\/wp-json\/wp\/v2\/media?parent=4851"}],"wp:term":[{"taxonomy":"property-type","embeddable":true,"href":"https:\/\/immomeier.lu\/de\/wp-json\/wp\/v2\/property-type?post=4851"},{"taxonomy":"offer-type","embeddable":true,"href":"https:\/\/immomeier.lu\/de\/wp-json\/wp\/v2\/offer-type?post=4851"},{"taxonomy":"street","embeddable":true,"href":"https:\/\/immomeier.lu\/de\/wp-json\/wp\/v2\/street?post=4851"},{"taxonomy":"city","embeddable":true,"href":"https:\/\/immomeier.lu\/de\/wp-json\/wp\/v2\/city?post=4851"},{"taxonomy":"zip-code","embeddable":true,"href":"https:\/\/immomeier.lu\/de\/wp-json\/wp\/v2\/zip-code?post=4851"},{"taxonomy":"region","embeddable":true,"href":"https:\/\/immomeier.lu\/de\/wp-json\/wp\/v2\/region?post=4851"},{"taxonomy":"country","embeddable":true,"href":"https:\/\/immomeier.lu\/de\/wp-json\/wp\/v2\/country?post=4851"},{"taxonomy":"features","embeddable":true,"href":"https:\/\/immomeier.lu\/de\/wp-json\/wp\/v2\/features?post=4851"},{"taxonomy":"mandate","embeddable":true,"href":"https:\/\/immomeier.lu\/de\/wp-json\/wp\/v2\/mandate?post=4851"}],"curies":[{"name":"wp","href":"https:\/\/api.w.org\/{rel}","templated":true}]}}